{"id":340,"date":"2014-01-20T15:25:55","date_gmt":"2014-01-20T13:25:55","guid":{"rendered":"http:\/\/10006stud.outofscope-dev.com\/?page_id=340"},"modified":"2022-04-22T15:49:37","modified_gmt":"2022-04-22T13:49:37","slug":"frankfurt-am-main","status":"publish","type":"page","link":"https:\/\/old.studieren-ohne-grenzen.org\/en\/lokalgruppen\/frankfurt-am-main\/","title":{"rendered":"Frankfurt am Main"},"content":{"rendered":"<p><\/p>\n<h3>Frankfurt<\/h3>\n<div id=\"attachment_5132\" style=\"width: 310px\" class=\"wp-caption alignright\"><a href=\"https:\/\/www.studieren-ohne-grenzen.org\/wp-content\/uploads\/2014\/01\/Gruppenfoto-Konzert_Frankfurt.jpg\"><img aria-describedby=\"caption-attachment-5132\" loading=\"lazy\" class=\"wp-image-5132 size-medium\" src=\"https:\/\/www.studieren-ohne-grenzen.org\/wp-content\/uploads\/2014\/01\/Gruppenfoto-Konzert_Frankfurt-300x200.jpg\" alt=\"Unsere Lokalgruppe beim Benefizkonzert &quot;Fortissimo!&quot; am 10. Juni 2016\" width=\"300\" height=\"200\" srcset=\"https:\/\/old.studieren-ohne-grenzen.org\/wp-content\/uploads\/2014\/01\/Gruppenfoto-Konzert_Frankfurt-300x200.jpg 300w, https:\/\/old.studieren-ohne-grenzen.org\/wp-content\/uploads\/2014\/01\/Gruppenfoto-Konzert_Frankfurt-768x512.jpg 768w, https:\/\/old.studieren-ohne-grenzen.org\/wp-content\/uploads\/2014\/01\/Gruppenfoto-Konzert_Frankfurt-1024x683.jpg 1024w\" sizes=\"(max-width: 300px) 100vw, 300px\" \/><\/a><p id=\"caption-attachment-5132\" class=\"wp-caption-text\">Unsere Lokalgruppe beim Benefizkonzert &#8220;Fortissimo!&#8221; am 10. Juni 2016<\/p><\/div>\n<p>&nbsp;<\/p>\n<p><strong>Herzlich willkommen bei Studieren ohne Grenzen in Frankfurt!<\/strong><\/p>\n<p>Interessierte sind zu all unseren Veranstaltungen und Treffen eingeladen. Bei Fragen und Anregungen schickt uns gerne eine&nbsp;<a href=\"mailto:frankfurt@studieren-ohne-grenzen.org\" target=\"_blank\" rel=\"noopener\">Mail<\/a>. Weitere aktuelle Infos findet ihr auf unserer&nbsp;<a href=\"https:\/\/www.facebook.com\/SOGFrankfurt\" target=\"_blank\" rel=\"noopener\">Facebookseite<\/a>.<br \/>\nWir freuen uns immer \u00fcber neue Mitglieder, die Lust haben, sich mit uns zu engagieren &#8211; Schaut einfach bei einem unserer w\u00f6chentlichen Treffen vorbei!<\/p>\n<p>&nbsp;<\/p>\n<ul class='gdl-toggle-box'>\n<li class=' active'>\n<h2 class='toggle-box-title'><span class='toggle-box-icon'><\/span>Treffen<\/h2>\n<div class='toggle-box-content'>Im Wintersemester 2016\/17 treffen wir uns jede Woche <strong>Dienstag um 18 Uhr in Raum 3.106 im Seminarhaus<\/strong> am Campus Westend. Kommt gerne vorbei &#8211; wir freuen uns auf euch!<\/div>\n<\/li>\n<li class=''>\n<h2 class='toggle-box-title'><span class='toggle-box-icon'><\/span>Was machen wir eigentlich? Unsere Projekte in Frankfurt<\/h2>\n<div class='toggle-box-content'>\n<h4><strong>Unsere Events<\/strong><\/h4>\n<p>In unseren regelm\u00e4\u00dfigen Treffen hier in Frankfurt planen wir zum Einen Fundraising-Events, um Gelder f\u00fcr die Projekte unseres deutschlandweiten Vereins zu sammeln und so unsere Projekte zu unterst\u00fctzen. Gleichzeitig machen wir damit unseren Verein in der Uni und auch au\u00dferhalb bekannter. Au\u00dferdem ist uns wichtig, die \u00d6ffentlichkeit f\u00fcr die Situation in sogenannten Krisenregionen zu sensibilisieren und \u00fcber unsere Partnerl\u00e4nder und Projekte unserer StipendiatInnen zu informieren.<\/p>\n<h4><strong>Unsere Projektarbeit mit den Partnerl\u00e4ndern<\/strong><\/h4>\n<p>Aktuell unterst\u00fctzen wir die Hamburger Lokalgruppe bei der Umsetzung eines Stipendienprojekts in Guatemala, das sich im Moment in der&nbsp;Anfangs-&nbsp;und Planungsphase befindet. Die Werbung f\u00fcr das Stipendium vor Ort in Guatemala, das Fundraising f\u00fcr das Projekt hier in Deutschland, die Vorbereitung der Bewerbungsunterlagen und die Absprachen mit unserer Partneruniversit\u00e4t vor Ort besch\u00e4ftigen uns gerade, bevor dann im November 2016 planm\u00e4\u00dfig die erste Bewerbungsphase starten soll! F\u00fcr genauere Infos fragt gerne bei uns nach.<\/p>\n<p>Auch neue Ideen rund um Veranstaltungen und Projekte sind immer willkommen!<\/p>\n<\/div>\n<\/li>\n<li class=' active'>\n<h2 class='toggle-box-title'><span class='toggle-box-icon'><\/span>Veranstaltungen 2016<\/h2>\n<div class='toggle-box-content'>\n<p><strong>8. Juli 2016:&nbsp;Unser Stand beim AStA-Sommerfest<\/strong><\/p>\n<p>Inzwischen schon eine Tradition zum Abschluss des Semesters geworden &#8211; unser Stand beim AStA-Sommerfest! Auch dieses Jahr waren wir wieder mit unseren exklusiven, herzhaften Rucola-Schafsk\u00e4se-Waffeln mit hausgemachtem Rote-Beete-Aufstrich am Campus Bockenheim&nbsp;dabei. F\u00fcr diejenigen, die Waffeln lieber klassisch-s\u00fc\u00df m\u00f6gen, hatten wir zudem Apfelmus und Puderzucker im Angebot. Ein sch\u00f6ner Ausklang unseres ereignisreichen Sommersemesters 2016&#8230;<\/p>\n<p><a href=\"https:\/\/www.studieren-ohne-grenzen.org\/wp-content\/uploads\/2014\/01\/AStA-Sommerfest_2016.jpg\"><img loading=\"lazy\" class=\"alignnone size-medium wp-image-5248\" src=\"https:\/\/www.studieren-ohne-grenzen.org\/wp-content\/uploads\/2014\/01\/AStA-Sommerfest_2016-300x169.jpg\" alt=\"AStA-Sommerfest_2016\" width=\"300\" height=\"169\" srcset=\"https:\/\/old.studieren-ohne-grenzen.org\/wp-content\/uploads\/2014\/01\/AStA-Sommerfest_2016-300x169.jpg 300w, https:\/\/old.studieren-ohne-grenzen.org\/wp-content\/uploads\/2014\/01\/AStA-Sommerfest_2016-768x432.jpg 768w, https:\/\/old.studieren-ohne-grenzen.org\/wp-content\/uploads\/2014\/01\/AStA-Sommerfest_2016-1024x576.jpg 1024w, https:\/\/old.studieren-ohne-grenzen.org\/wp-content\/uploads\/2014\/01\/AStA-Sommerfest_2016.jpg 2048w\" sizes=\"(max-width: 300px) 100vw, 300px\" \/><\/a><\/p>\n<p><strong>18. Juni 2016: &#8220;My Prof is a DJ Vol. II&#8221;<\/strong><\/p>\n<p>Am 18. Juni hie\u00df es im Caf\u00e9 KoZ am Campus Bockenheim zum zweiten Mal&nbsp;\u201eMy Prof is a DJ\u201c und wie im letzten&nbsp;Jahr haben wir mit&nbsp;unseren Partyg\u00e4sten wieder grenzenlos gut f\u00fcr den guten Zweck gefeiert! Sechs DozentInnen der Goethe-Universit\u00e4t haben ihre PowerPoints und Skripte, Lehrb\u00fccher und Laptops gegen Cocktails, Kopfh\u00f6rer, Mikros und Musik eingetauscht und am DJ-Pult f\u00fcr Begeisterung auf der Tanzfl\u00e4che gesorgt. Zwei Profi-DJs auf unserem&nbsp;zweiten Floor im Party-Keller, G\u00e4ste in bester&nbsp;Feierlaune, kreative Cocktail-Mixe mit LemonAid und zudem jede Menge Gude Bier &#8211; ein fanatischer Abend mit reichlich Einnahmen, die unserem Projekten zugute kommen!<\/p>\n<p><a href=\"https:\/\/www.studieren-ohne-grenzen.org\/wp-content\/uploads\/2014\/01\/DSC2465.jpg\"><img loading=\"lazy\" class=\"size-medium wp-image-5246 alignnone\" src=\"https:\/\/www.studieren-ohne-grenzen.org\/wp-content\/uploads\/2014\/01\/DSC2465-300x199.jpg\" alt=\"_DSC2465\" width=\"300\" height=\"199\" srcset=\"https:\/\/old.studieren-ohne-grenzen.org\/wp-content\/uploads\/2014\/01\/DSC2465-300x199.jpg 300w, https:\/\/old.studieren-ohne-grenzen.org\/wp-content\/uploads\/2014\/01\/DSC2465-768x509.jpg 768w, https:\/\/old.studieren-ohne-grenzen.org\/wp-content\/uploads\/2014\/01\/DSC2465-1024x678.jpg 1024w, https:\/\/old.studieren-ohne-grenzen.org\/wp-content\/uploads\/2014\/01\/DSC2465.jpg 1200w\" sizes=\"(max-width: 300px) 100vw, 300px\" \/><\/a><a href=\"https:\/\/www.studieren-ohne-grenzen.org\/wp-content\/uploads\/2014\/01\/DSC_0214.jpg\"><img loading=\"lazy\" class=\"alignnone size-medium wp-image-5247\" src=\"https:\/\/www.studieren-ohne-grenzen.org\/wp-content\/uploads\/2014\/01\/DSC_0214-300x199.jpg\" alt=\"DSC_0214\" width=\"300\" height=\"199\" srcset=\"https:\/\/old.studieren-ohne-grenzen.org\/wp-content\/uploads\/2014\/01\/DSC_0214-300x199.jpg 300w, https:\/\/old.studieren-ohne-grenzen.org\/wp-content\/uploads\/2014\/01\/DSC_0214-768x510.jpg 768w, https:\/\/old.studieren-ohne-grenzen.org\/wp-content\/uploads\/2014\/01\/DSC_0214-1024x680.jpg 1024w\" sizes=\"(max-width: 300px) 100vw, 300px\" \/><\/a><\/p>\n<p><strong>10. Juni 2016: &#8220;Fortissimo!&#8221; &#8211; unsere bundesweite Benefizkonzert-Reihe zu Gast in Frankfurt<\/strong><\/p>\n<p>Als Teil unserer bundesweiten Benefizkonzert-Reihe &#8220;Fortissimo! Klavierkl\u00e4nge f\u00fcr Grenzg\u00e4nge&#8221; war am Freitag, den 10. Juni der T\u00fcbinger Medizinstudent und Pianist Carl File zu Gast bei uns in Frankfurt. Im Konzertsaal der Evangelischen Studierendengemeinde begeisterte er alle unsere G\u00e4ste mit Werken von Liszt, Bach, Brahms, Mozart und Skrjabin &#8211; ein gelungener Abend, der erst nach zwei Zugaben und mit gro\u00dfz\u00fcgigen Spenden zu Ende ging!<\/p>\n<p><a href=\"https:\/\/www.studieren-ohne-grenzen.org\/wp-content\/uploads\/2014\/01\/DSC2385.jpg\"><img loading=\"lazy\" class=\"alignnone wp-image-5134 size-medium\" src=\"https:\/\/www.studieren-ohne-grenzen.org\/wp-content\/uploads\/2014\/01\/DSC2385-300x199.jpg\" alt=\"Konzert_Frankfurt_1\" width=\"300\" height=\"199\" srcset=\"https:\/\/old.studieren-ohne-grenzen.org\/wp-content\/uploads\/2014\/01\/DSC2385-300x199.jpg 300w, https:\/\/old.studieren-ohne-grenzen.org\/wp-content\/uploads\/2014\/01\/DSC2385-768x509.jpg 768w, https:\/\/old.studieren-ohne-grenzen.org\/wp-content\/uploads\/2014\/01\/DSC2385.jpg 900w\" sizes=\"(max-width: 300px) 100vw, 300px\" \/><\/a><a href=\"https:\/\/www.studieren-ohne-grenzen.org\/wp-content\/uploads\/2014\/01\/DSC2434.jpg\"><img loading=\"lazy\" class=\"alignnone wp-image-5135 size-medium\" src=\"https:\/\/www.studieren-ohne-grenzen.org\/wp-content\/uploads\/2014\/01\/DSC2434-300x199.jpg\" alt=\"Konzert-Frankfurt_2\" width=\"300\" height=\"199\" srcset=\"https:\/\/old.studieren-ohne-grenzen.org\/wp-content\/uploads\/2014\/01\/DSC2434-300x199.jpg 300w, https:\/\/old.studieren-ohne-grenzen.org\/wp-content\/uploads\/2014\/01\/DSC2434-768x509.jpg 768w, https:\/\/old.studieren-ohne-grenzen.org\/wp-content\/uploads\/2014\/01\/DSC2434.jpg 900w\" sizes=\"(max-width: 300px) 100vw, 300px\" \/><\/a><\/p>\n<p><strong>16. Januar 2016: Pfand Spenden &#8211; Bildung finanzieren!<\/strong><\/p>\n<p>Ein cooles Basketballspiel, super Stimmung und jede Menge gespendete Pfandbecher und -flaschen &#8211; &nbsp;am 16. Januar durften wir wieder einen tollen Abend in der Fraport Arena verbringen! Beim Heimspiel der Fraport Skyliners, dem Frankfurter Basketball-Team, haben wir wie schon einmal im Februar 2015 die ZuschauerInnen gebeten, ihre Pfandbecher und -flaschen bei uns abzugeben und mit dem Pfand die Projekte unseres Vereins zu unterst\u00fctzen. An einem Infostand in der Halle&nbsp;haben&nbsp;wir zudem Interessierte \u00fcber unsere Arbeit informiert. Insgesamt&nbsp;konnten&nbsp;wir so 501,50 Euro einnehmen!<\/p>\n<p><a href=\"https:\/\/www.studieren-ohne-grenzen.org\/wp-content\/uploads\/2014\/01\/PfandSpendenBildungFinanzieren.jpg\" rel=\"attachment wp-att-2844\"><img loading=\"lazy\" class=\"alignnone wp-image-2844\" src=\"https:\/\/www.studieren-ohne-grenzen.org\/wp-content\/uploads\/2014\/01\/PfandSpendenBildungFinanzieren-300x300.jpg\" alt=\"PfandSpendenBildungFinanzieren\" width=\"245\" height=\"245\" srcset=\"https:\/\/old.studieren-ohne-grenzen.org\/wp-content\/uploads\/2014\/01\/PfandSpendenBildungFinanzieren-300x300.jpg 300w, https:\/\/old.studieren-ohne-grenzen.org\/wp-content\/uploads\/2014\/01\/PfandSpendenBildungFinanzieren-150x150.jpg 150w, https:\/\/old.studieren-ohne-grenzen.org\/wp-content\/uploads\/2014\/01\/PfandSpendenBildungFinanzieren.jpg 960w\" sizes=\"(max-width: 245px) 100vw, 245px\" \/><\/a>&nbsp;<a href=\"https:\/\/www.studieren-ohne-grenzen.org\/wp-content\/uploads\/2014\/01\/IMG_0096.jpg\" rel=\"attachment wp-att-4508\"><img loading=\"lazy\" class=\"alignnone wp-image-4508\" src=\"https:\/\/www.studieren-ohne-grenzen.org\/wp-content\/uploads\/2014\/01\/IMG_0096-300x200.jpg\" alt=\"PFANDraising Frankfurt 16.01.2016\" width=\"366\" height=\"244\" srcset=\"https:\/\/old.studieren-ohne-grenzen.org\/wp-content\/uploads\/2014\/01\/IMG_0096-300x200.jpg 300w, https:\/\/old.studieren-ohne-grenzen.org\/wp-content\/uploads\/2014\/01\/IMG_0096-768x512.jpg 768w, https:\/\/old.studieren-ohne-grenzen.org\/wp-content\/uploads\/2014\/01\/IMG_0096-1024x683.jpg 1024w\" sizes=\"(max-width: 366px) 100vw, 366px\" \/><\/a><\/p>\n<\/div>\n<\/li>\n<li class=''>\n<h2 class='toggle-box-title'><span class='toggle-box-icon'><\/span>Veranstaltungen 2015<\/h2>\n<div class='toggle-box-content'>\n<p><strong>10. Juli 2015: Unser Stand auf dem AStA-Sommerfest<\/strong><\/p>\n<p><a href=\"https:\/\/www.studieren-ohne-grenzen.org\/wp-content\/uploads\/2014\/01\/SOG-Stand-Sommerfest.jpg\"><img loading=\"lazy\" class=\"alignnone size-medium wp-image-3805\" src=\"https:\/\/www.studieren-ohne-grenzen.org\/wp-content\/uploads\/2014\/01\/SOG-Stand-Sommerfest-300x225.jpg\" alt=\"SOG Stand Sommerfest\" width=\"300\" height=\"225\" srcset=\"https:\/\/old.studieren-ohne-grenzen.org\/wp-content\/uploads\/2014\/01\/SOG-Stand-Sommerfest-300x225.jpg 300w, https:\/\/old.studieren-ohne-grenzen.org\/wp-content\/uploads\/2014\/01\/SOG-Stand-Sommerfest-1024x768.jpg 1024w, https:\/\/old.studieren-ohne-grenzen.org\/wp-content\/uploads\/2014\/01\/SOG-Stand-Sommerfest.jpg 2048w\" sizes=\"(max-width: 300px) 100vw, 300px\" \/><\/a> <a href=\"https:\/\/www.studieren-ohne-grenzen.org\/wp-content\/uploads\/2014\/01\/SOG-Waffeln.jpg\"><img loading=\"lazy\" class=\"alignnone size-medium wp-image-3806\" src=\"https:\/\/www.studieren-ohne-grenzen.org\/wp-content\/uploads\/2014\/01\/SOG-Waffeln-300x225.jpg\" alt=\"SOG Waffeln\" width=\"300\" height=\"225\" srcset=\"https:\/\/old.studieren-ohne-grenzen.org\/wp-content\/uploads\/2014\/01\/SOG-Waffeln-300x225.jpg 300w, https:\/\/old.studieren-ohne-grenzen.org\/wp-content\/uploads\/2014\/01\/SOG-Waffeln-1024x768.jpg 1024w, https:\/\/old.studieren-ohne-grenzen.org\/wp-content\/uploads\/2014\/01\/SOG-Waffeln.jpg 1632w\" sizes=\"(max-width: 300px) 100vw, 300px\" \/><\/a><\/p>\n<p>Kleine Impressionen von unserem Stand auf dem AStA-Sommerfest in Bockenheim: Wie jedes Jahr waren&nbsp;wir mit kreativen neuen Rezepten vertreten, diesmal mit s\u00fc\u00dfen und herzhaften Waffeln und einem neuen SOG-Quiz.<\/p>\n<p><strong>25. Mai 2015: &#8220;My Prof Is A DJ&#8221; SOG-Party im Caf\u00e9 KoZ<\/strong><\/p>\n<p><a href=\"https:\/\/www.studieren-ohne-grenzen.org\/wp-content\/uploads\/2014\/01\/11174635_360906974034679_5810501330501172666_o.jpg\"><img loading=\"lazy\" class=\"alignnone size-medium wp-image-3455\" src=\"https:\/\/www.studieren-ohne-grenzen.org\/wp-content\/uploads\/2014\/01\/11174635_360906974034679_5810501330501172666_o-300x225.jpg\" alt=\"11174635_360906974034679_5810501330501172666_o\" width=\"300\" height=\"225\" srcset=\"https:\/\/old.studieren-ohne-grenzen.org\/wp-content\/uploads\/2014\/01\/11174635_360906974034679_5810501330501172666_o-300x225.jpg 300w, https:\/\/old.studieren-ohne-grenzen.org\/wp-content\/uploads\/2014\/01\/11174635_360906974034679_5810501330501172666_o-1024x768.jpg 1024w, https:\/\/old.studieren-ohne-grenzen.org\/wp-content\/uploads\/2014\/01\/11174635_360906974034679_5810501330501172666_o.jpg 2048w\" sizes=\"(max-width: 300px) 100vw, 300px\" \/><\/a><a href=\"https:\/\/www.studieren-ohne-grenzen.org\/wp-content\/uploads\/2014\/01\/11157384_360906984034678_6929145096692585978_o.jpg\"><img loading=\"lazy\" class=\"alignnone size-medium wp-image-3456\" src=\"https:\/\/www.studieren-ohne-grenzen.org\/wp-content\/uploads\/2014\/01\/11157384_360906984034678_6929145096692585978_o-300x225.jpg\" alt=\"11157384_360906984034678_6929145096692585978_o\" width=\"300\" height=\"225\" srcset=\"https:\/\/old.studieren-ohne-grenzen.org\/wp-content\/uploads\/2014\/01\/11157384_360906984034678_6929145096692585978_o-300x225.jpg 300w, https:\/\/old.studieren-ohne-grenzen.org\/wp-content\/uploads\/2014\/01\/11157384_360906984034678_6929145096692585978_o-1024x768.jpg 1024w, https:\/\/old.studieren-ohne-grenzen.org\/wp-content\/uploads\/2014\/01\/11157384_360906984034678_6929145096692585978_o.jpg 2048w\" sizes=\"(max-width: 300px) 100vw, 300px\" \/><\/a><\/p>\n<p>Am 25. Mai haben wir die Profs unserer Uni vor das DJ-Pult und hinter die Bar geholt &#8211; und mehr als 500 Partyg\u00e4ste haben das mit uns gefeiert! Neben den bunt gemischten Lieblingssongs der Profs auf dem Mainfloor haben bekannte DJs im Keller mit feinstem Elektro f\u00fcr zwei volle Tanzfl\u00e4chen gesorgt. Dazu gab es von uns edle Cocktailkreationen mit <a href=\"http:\/\/www.lemon-aid.de\/\" target=\"_blank\" rel=\"noopener\">LemonAid<\/a>. Mit der Party haben wir nicht nur gefeiert f\u00fcr den guten Zweck, sondern sind auf so viel positive R\u00fcckmeldungen gesto\u00dfen, dass die n\u00e4chste Party schon in Planung ist&#8230; Einige Zusagen der Profs haben wir schon jetzt! Mehr Eindr\u00fccke und Fotos findet ihr auf der Seite <a href=\"https:\/\/www.facebook.com\/events\/1397768503878689\/\" target=\"_blank\" rel=\"noopener\">unseres Facebook-Events<\/a>.<\/p>\n<p><strong>14. Februar 2015: Unsere Becherpfand-Sammelaktion beim Basketballspiel der Skyliners<\/strong><\/p>\n<p><a href=\"http:\/\/www.studieren-ohne-grenzen.org\/wp-content\/uploads\/2014\/01\/PfandSpendenBildungFinanzieren.jpg\"><img loading=\"lazy\" class=\"alignnone wp-image-2844\" src=\"http:\/\/www.studieren-ohne-grenzen.org\/wp-content\/uploads\/2014\/01\/PfandSpendenBildungFinanzieren-300x300.jpg\" alt=\"PfandSpendenBildungFinanzieren\" width=\"225\" height=\"225\" srcset=\"https:\/\/old.studieren-ohne-grenzen.org\/wp-content\/uploads\/2014\/01\/PfandSpendenBildungFinanzieren-300x300.jpg 300w, https:\/\/old.studieren-ohne-grenzen.org\/wp-content\/uploads\/2014\/01\/PfandSpendenBildungFinanzieren-150x150.jpg 150w, https:\/\/old.studieren-ohne-grenzen.org\/wp-content\/uploads\/2014\/01\/PfandSpendenBildungFinanzieren.jpg 960w\" sizes=\"(max-width: 225px) 100vw, 225px\" \/><\/a><a href=\"http:\/\/www.studieren-ohne-grenzen.org\/wp-content\/uploads\/2014\/01\/SOG-Basketballspiel.jpg\"><img loading=\"lazy\" class=\"alignnone size-medium wp-image-2845\" src=\"http:\/\/www.studieren-ohne-grenzen.org\/wp-content\/uploads\/2014\/01\/SOG-Basketballspiel-300x225.jpg\" alt=\"SOG Basketballspiel\" width=\"300\" height=\"225\" srcset=\"https:\/\/old.studieren-ohne-grenzen.org\/wp-content\/uploads\/2014\/01\/SOG-Basketballspiel-300x225.jpg 300w, https:\/\/old.studieren-ohne-grenzen.org\/wp-content\/uploads\/2014\/01\/SOG-Basketballspiel.jpg 960w\" sizes=\"(max-width: 300px) 100vw, 300px\" \/><\/a><\/p>\n<p>&#8220;Pfand spenden &#8211; Bildung finanzieren&#8221;: Unter diesem Motto konnten wir mit Infostand und Plastikt\u00fcten beim Basketballspiel der <a title=\"Fraport Skyliners\" href=\"http:\/\/www.fraport-skyliners.de\/\" target=\"_blank\" rel=\"noopener\">Fraport Skyliners<\/a>&nbsp;in Frankfurt viele BesucherInnen \u00fcberzeugen, uns ihre Becher zu geben, um mit dem Pfand unsere bundesweiten SOG-Projekte zu unterst\u00fctzen. Das Ergebnis waren ein gewonnenes Spiel der Skyliners, gute Stimmung in der Halle und mehr als 450 gespendete Becher!<\/p>\n<\/div>\n<\/li>\n<li class=''>\n<h2 class='toggle-box-title'><span class='toggle-box-icon'><\/span>Vergangene Veranstaltungen<\/h2>\n<div class='toggle-box-content'>\n<p><strong>11.-12. Oktober 2014: Auf der Buchmesse f\u00fcr &#8220;Books To Grozny&#8221;<\/strong><\/p>\n<p><a href=\"https:\/\/www.studieren-ohne-grenzen.org\/wp-content\/uploads\/2014\/01\/sog-buchmesse-.jpeg\"><img loading=\"lazy\" class=\"alignleft wp-image-2405 size-medium\" src=\"http:\/\/www.studieren-ohne-grenzen.org\/wp-content\/uploads\/2014\/01\/sog-buchmesse--225x300.jpeg\" alt=\"sog buchmesse\" width=\"225\" height=\"300\" srcset=\"https:\/\/old.studieren-ohne-grenzen.org\/wp-content\/uploads\/2014\/01\/sog-buchmesse--225x300.jpeg 225w, https:\/\/old.studieren-ohne-grenzen.org\/wp-content\/uploads\/2014\/01\/sog-buchmesse-.jpeg 450w\" sizes=\"(max-width: 225px) 100vw, 225px\" \/><\/a><\/p>\n<p>Im Oktober 2014 haben wir uns auf der Buchmesse umgeschaut, um neue B\u00fccher f\u00fcr unser Projekt &#8220;<a href=\"https:\/\/www.studieren-ohne-grenzen.org\/projekte\/tschetschenien-books-to-grozny\/\" target=\"_blank\" rel=\"noopener\">Books To Grozny<\/a>&#8221; einzuwerben. Mit Erfolg: 5 deutsch-russische W\u00f6rterb\u00fccher k\u00f6nnen wir jetzt unserer Partneruniversit\u00e4t in Tschetschenien zukommen lassen.<\/p>\n<p>&nbsp;<\/p>\n<p>&nbsp;<\/p>\n<p>&nbsp;<\/p>\n<p>&nbsp;<\/p>\n<p>&nbsp;<\/p>\n<p>&nbsp;<\/p>\n<p><strong>11. Juli 2014: Unser Stand beim AStA-Sommerfest<\/strong><\/p>\n<p><a href=\"https:\/\/www.studieren-ohne-grenzen.org\/wp-content\/uploads\/2014\/01\/sog-asta-sommerfest-14.jpeg\"><img loading=\"lazy\" class=\"alignnone size-medium wp-image-2406\" src=\"https:\/\/www.studieren-ohne-grenzen.org\/wp-content\/uploads\/2014\/01\/sog-asta-sommerfest-14-300x168.jpeg\" alt=\"sog asta sommerfest 14\" width=\"300\" height=\"168\" srcset=\"https:\/\/old.studieren-ohne-grenzen.org\/wp-content\/uploads\/2014\/01\/sog-asta-sommerfest-14-300x168.jpeg 300w, https:\/\/old.studieren-ohne-grenzen.org\/wp-content\/uploads\/2014\/01\/sog-asta-sommerfest-14.jpeg 800w\" sizes=\"(max-width: 300px) 100vw, 300px\" \/><\/a><a href=\"https:\/\/www.studieren-ohne-grenzen.org\/wp-content\/uploads\/2014\/01\/asta-sommerfest-14-kuchen.jpeg\"><img loading=\"lazy\" class=\"alignnone size-medium wp-image-2412\" src=\"https:\/\/www.studieren-ohne-grenzen.org\/wp-content\/uploads\/2014\/01\/asta-sommerfest-14-kuchen-300x168.jpeg\" alt=\"asta sommerfest 14 kuchen\" width=\"300\" height=\"168\" srcset=\"https:\/\/old.studieren-ohne-grenzen.org\/wp-content\/uploads\/2014\/01\/asta-sommerfest-14-kuchen-300x168.jpeg 300w, https:\/\/old.studieren-ohne-grenzen.org\/wp-content\/uploads\/2014\/01\/asta-sommerfest-14-kuchen.jpeg 800w\" sizes=\"(max-width: 300px) 100vw, 300px\" \/><\/a><br \/>\nAuch dieses Jahr waren wir wieder mit einem Stand beim AStA-Sommerfest vertreten, diesmal neben den \u00fcblichen s\u00fc\u00dfen Snacks auch mit einigen im Stil unserer Partnerl\u00e4nder: mit selbstgemachten und vor Ort fritierten Samosas mit verschiedenen F\u00fcllungen und selbstgebackenem Bananenkuchen &#8211; angelehnt an Rezepte aus dem Kongo und Afghanistan, die wir vorher zu einem gemeinsamen SOG-Kochabend ausprobiert hatten und die nicht nur bei uns gut ankamen.<\/p>\n<p><strong>6.-8. Dezember 2013: Unsere bundesweite Mitgliederversammlung in Frankfurt<\/strong><\/p>\n<p>Die j\u00e4hrlich stattfindende bundesweite Mitgliederversammlung fand 2013 bei uns in Frankfurt statt, was f\u00fcr unsere Lokalgruppe einiges an Organisation und Planung im Voraus und w\u00e4hrenddessen bedeutete. Das gemeinsame Wochenende bot mit Vortr\u00e4gen und Workshops zur Thematik &#8220;Rassismus und Stereotype in der Entwicklungszusammenarbeit&#8221; sowohl inhaltliche Anst\u00f6\u00dfe f\u00fcr unsere Arbeit als auch die M\u00f6glichkeit zur Mitarbeit in bundesweiten SOG-Arbeitsgruppen. (Weitere Infos dazu auf der Hauptseite des Vereins)<\/p>\n<p><strong>5. Juli 2013: Unser Stand beim AStA-Sommerfest<\/strong><\/p>\n<p><a href=\"https:\/\/www.studieren-ohne-grenzen.org\/wp-content\/uploads\/2014\/01\/asta-sommerfest-13.jpg\"><img loading=\"lazy\" class=\"alignnone size-medium wp-image-2402\" src=\"https:\/\/www.studieren-ohne-grenzen.org\/wp-content\/uploads\/2014\/01\/asta-sommerfest-13-300x199.jpg\" alt=\"asta sommerfest 13\" width=\"300\" height=\"199\" srcset=\"https:\/\/old.studieren-ohne-grenzen.org\/wp-content\/uploads\/2014\/01\/asta-sommerfest-13-300x199.jpg 300w, https:\/\/old.studieren-ohne-grenzen.org\/wp-content\/uploads\/2014\/01\/asta-sommerfest-13.jpg 960w\" sizes=\"(max-width: 300px) 100vw, 300px\" \/><\/a><a href=\"https:\/\/www.studieren-ohne-grenzen.org\/wp-content\/uploads\/2014\/01\/sog-asta-sommerfest-13-2.jpg\"><img loading=\"lazy\" class=\"alignnone size-medium wp-image-2410\" src=\"https:\/\/www.studieren-ohne-grenzen.org\/wp-content\/uploads\/2014\/01\/sog-asta-sommerfest-13-2-300x199.jpg\" alt=\"sog asta sommerfest 13 (2)\" width=\"300\" height=\"199\" srcset=\"https:\/\/old.studieren-ohne-grenzen.org\/wp-content\/uploads\/2014\/01\/sog-asta-sommerfest-13-2-300x199.jpg 300w, https:\/\/old.studieren-ohne-grenzen.org\/wp-content\/uploads\/2014\/01\/sog-asta-sommerfest-13-2.jpg 960w\" sizes=\"(max-width: 300px) 100vw, 300px\" \/><\/a><br \/>\nVon 17 bis 23 Uhr waren wir auf dem Campus Bockenheim mit einem eigenen Info- und Essensstand dabei. Der Verkauf von Hotdogs und vielen selbstgemachten Snacks von Quiche bis Kuchen kam bei den G\u00e4sten gut an. Besonders Spa\u00df gemacht hat es, durch unser kleines Quiz \u00fcber die L\u00e4nder unserer SOG-Projekte mit Interessierten ins Gespr\u00e4ch zu kommen!<strong><br \/>\n<\/strong><\/p>\n<p><strong>30. Juni 2013: SOG-Tag<\/strong><\/p>\n<p>Zusammensetzen und produktiv werden &#8211; neben unseren regelm\u00e4\u00dfigen Treffen haben wir uns mal die Zeit f\u00fcr einen ganzen Tag in der Lokalgruppe Frankfurt genommen, effektiv zu arbeiten und einige SOG-Themen wie Vereinsstruktur, \u00d6ffentlichkeitsarbeit, Entwicklungszusammenarbeit etc. einmal in Ruhe zu debattieren. Das Team-Building und gemeinsames Grillen am Abend kamen dabei auch nicht zu kurz!<strong><br \/>\n<\/strong><\/p>\n<p><strong>10. Mai 2013: Unsere eigene SOG-Party im KoZ<\/strong><\/p>\n<p><a href=\"https:\/\/www.studieren-ohne-grenzen.org\/wp-content\/uploads\/2014\/01\/plakat-sog.png\"><img loading=\"lazy\" class=\"alignnone size-medium wp-image-2400\" src=\"https:\/\/www.studieren-ohne-grenzen.org\/wp-content\/uploads\/2014\/01\/plakat-sog-300x211.png\" alt=\"plakat sog\" width=\"300\" height=\"211\" srcset=\"https:\/\/old.studieren-ohne-grenzen.org\/wp-content\/uploads\/2014\/01\/plakat-sog-300x211.png 300w, https:\/\/old.studieren-ohne-grenzen.org\/wp-content\/uploads\/2014\/01\/plakat-sog-1024x723.png 1024w\" sizes=\"(max-width: 300px) 100vw, 300px\" \/><\/a><a href=\"https:\/\/www.studieren-ohne-grenzen.org\/wp-content\/uploads\/2014\/01\/sog-party.jpg\"><img loading=\"lazy\" class=\"alignnone wp-image-2416\" src=\"https:\/\/www.studieren-ohne-grenzen.org\/wp-content\/uploads\/2014\/01\/sog-party-300x225.jpg\" alt=\"sog party\" width=\"281\" height=\"211\" srcset=\"https:\/\/old.studieren-ohne-grenzen.org\/wp-content\/uploads\/2014\/01\/sog-party-300x225.jpg 300w, https:\/\/old.studieren-ohne-grenzen.org\/wp-content\/uploads\/2014\/01\/sog-party.jpg 960w\" sizes=\"(max-width: 281px) 100vw, 281px\" \/><\/a><br \/>\nDie vielen Vorbereitungen f\u00fcr unsere Party auf dem Campus Bockenheim im KoZ haben sich gelohnt &#8211; Nach dem Motto &#8220;Studieren Ohne Grenzen macht Party ohne Grenzen&#8221; haben wir mit \u00fcber 400 G\u00e4sten gut gefeiert! So konnten wir nicht nur viel Geld f\u00fcr unsere Projekte einnehmen, sondern uns auch uniweit bekannt machen und haben viel positive R\u00fcckmeldungen bekommen. Die n\u00e4chste Party kommt bestimmt!<\/p>\n<\/div>\n<\/li>\n<\/ul>\n<p><\/p>","protected":false},"excerpt":{"rendered":"<p>Frankfurt &nbsp; Herzlich willkommen bei Studieren ohne Grenzen in Frankfurt! Interessierte sind zu all unseren Veranstaltungen und Treffen eingeladen. Bei Fragen und Anregungen schickt uns gerne eine&nbsp;Mail. Weitere aktuelle Infos findet ihr auf unserer&nbsp;Facebookseite. Wir freuen uns immer \u00fcber neue Mitglieder, die Lust haben, sich mit uns zu engagieren &#8211; Schaut einfach bei einem unserer w\u00f6chentlichen Treffen vorbei! &nbsp;<\/p>\n","protected":false},"author":13,"featured_media":0,"parent":173,"menu_order":0,"comment_status":"open","ping_status":"closed","template":"","meta":{"ngg_post_thumbnail":0},"_links":{"self":[{"href":"https:\/\/old.studieren-ohne-grenzen.org\/en\/wp-json\/wp\/v2\/pages\/340"}],"collection":[{"href":"https:\/\/old.studieren-ohne-grenzen.org\/en\/wp-json\/wp\/v2\/pages"}],"about":[{"href":"https:\/\/old.studieren-ohne-grenzen.org\/en\/wp-json\/wp\/v2\/types\/page"}],"author":[{"embeddable":true,"href":"https:\/\/old.studieren-ohne-grenzen.org\/en\/wp-json\/wp\/v2\/users\/13"}],"replies":[{"embeddable":true,"href":"https:\/\/old.studieren-ohne-grenzen.org\/en\/wp-json\/wp\/v2\/comments?post=340"}],"version-history":[{"count":152,"href":"https:\/\/old.studieren-ohne-grenzen.org\/en\/wp-json\/wp\/v2\/pages\/340\/revisions"}],"predecessor-version":[{"id":9960,"href":"https:\/\/old.studieren-ohne-grenzen.org\/en\/wp-json\/wp\/v2\/pages\/340\/revisions\/9960"}],"up":[{"embeddable":true,"href":"https:\/\/old.studieren-ohne-grenzen.org\/en\/wp-json\/wp\/v2\/pages\/173"}],"wp:attachment":[{"href":"https:\/\/old.studieren-ohne-grenzen.org\/en\/wp-json\/wp\/v2\/media?parent=340"}],"curies":[{"name":"wp","href":"https:\/\/api.w.org\/{rel}","templated":true}]}}